{"id":2,"date":"2016-04-20T09:46:36","date_gmt":"2016-04-20T07:46:36","guid":{"rendered":"http:\/\/mitarbeiter.fh-kaernten.at\/evamir\/?page_id=2"},"modified":"2025-04-02T09:28:20","modified_gmt":"2025-04-02T07:28:20","slug":"ueber","status":"publish","type":"page","link":"https:\/\/mitarbeiter.fh-kaernten.at\/evamir\/","title":{"rendered":"\u00dcber"},"content":{"rendered":"<h3 id=\"zurueck\">FH-Prof<sup>in<\/sup>. Priv.-Doz<sup>in<\/sup>. Mag<sup>a<\/sup>. Dr<sup>in<\/sup>. Eva Mir (geb. Brunner)<a href=\"http:\/\/mitarbeiter.fh-kaernten.at\/evamir\/wp-content\/uploads\/sites\/8\/2025\/04\/baumstamm-eva-mir.jpg\" target=\"_blank\" rel=\"noopener\"><img loading=\"lazy\" decoding=\"async\" class=\"alignright wp-image-234 size-medium\" src=\"http:\/\/mitarbeiter.fh-kaernten.at\/evamir\/wp-content\/uploads\/sites\/8\/2025\/04\/baumstamm-eva-mir-225x300.jpg\" alt=\"\" width=\"225\" height=\"300\" srcset=\"https:\/\/mitarbeiter.fh-kaernten.at\/evamir\/wp-content\/uploads\/sites\/8\/2025\/04\/baumstamm-eva-mir-225x300.jpg 225w, https:\/\/mitarbeiter.fh-kaernten.at\/evamir\/wp-content\/uploads\/sites\/8\/2025\/04\/baumstamm-eva-mir-768x1024.jpg 768w, https:\/\/mitarbeiter.fh-kaernten.at\/evamir\/wp-content\/uploads\/sites\/8\/2025\/04\/baumstamm-eva-mir-1152x1536.jpg 1152w, https:\/\/mitarbeiter.fh-kaernten.at\/evamir\/wp-content\/uploads\/sites\/8\/2025\/04\/baumstamm-eva-mir-1536x2048.jpg 1536w\" sizes=\"auto, (max-width: 225px) 100vw, 225px\" \/><\/a><\/h3>\n<p><strong>E-mail:<\/strong> <a href=\"mailto:e.mir@fh-kaernten.at\">e.mir@fh-kaernten.at<\/a><br \/>\n<strong>Staatsangeh\u00f6rigkeit:<\/strong> \u00d6sterreich<br \/>\n<strong>Geburtsdatum:<\/strong> 02.07.1980<br \/>\n<strong>Familienstand und Kinder:<\/strong> verheiratet, ein Sohn<\/p>\n<p><span lang=\"DE\"><a id=\"LPlnk297417\" href=\"https:\/\/www.linkedin.com\/in\/eva-mir-57799812\/?originalSubdomain=at\">Mein Profil auf LinkedIn<\/a><br \/>\n<\/span><span lang=\"DE\"><a id=\"LPlnk668741\" href=\"https:\/\/www.researchgate.net\/profile\/Eva-Mir?ev=hdr_xprf\">Mein Profil auf ResearchGate<\/a><\/span><\/p>\n<p><a href=\"https:\/\/www.instagram.com\/dr_eva_mir\/\">Mein Profil auf Instagram<\/a><\/p>\n<hr \/>\n<p><a href=\"http:\/\/mitarbeiter.fh-kaernten.at\/evamir\/#schulberufsbildung\">Schul- und Berufsbildung<\/a><br \/>\n<a href=\"#zusaetzlicheausbildung\">zus\u00e4tzliche Ausbildungen<\/a><br \/>\n<a href=\"#berufserfahrung1\">Berufserfahrung<\/a><br \/>\n<a href=\"#praktika1\">Praktika<\/a><br \/>\n<a href=\"#forschungserfahrung1\">Forschungserfahrung<\/a><br \/>\n<a href=\"#erfahrungimverwaltungsbereich1\">Erfahrung im Verwaltungsbereich<\/a><br \/>\n<a href=\"#organisatorischeerfahrung1\">Organisatorische Erfahrung<\/a><br \/>\n<a href=\"#wissenschaftlichenorganisationen1\">Mitglied in wissenschaftlichen Organisationen<\/a><br \/>\n<a href=\"#reviewtaetigkeiten1\">Reviewt\u00e4tigkeiten<\/a><br \/>\n<a href=\"#auszeichnungen1\">Auszeichnungen<\/a><br \/>\n<a href=\"#mentoring1\">Mentoring und Betreuung von Doktorand*innen<\/a><\/p>\n<hr \/>\n<h3><\/h3>\n<h3 id=\"schulberufsbildung\"><strong>Schul- und Berufsbildung<\/strong><\/h3>\n<table style=\"height: 334px;\" width=\"1218\">\n<tbody>\n<tr>\n<td width=\"149\">Mai 2014<\/td>\n<td width=\"14\"><\/td>\n<td width=\"376\">Habilitation an der P\u00e4dagogischen Hochschule Schw\u00e4bisch Gm\u00fcnd, Venia legendi f\u00fcr das Fach \u201ePsychologische Gesundheitsf\u00f6rderung und Pr\u00e4vention\u201c<\/td>\n<\/tr>\n<tr>\n<td width=\"149\">November 2006<\/td>\n<td width=\"14\"><\/td>\n<td width=\"376\">Abschluss des Doktoratsstudiums der Naturwissenschaften aus dem Fach Psychologie an der Alpen-Adria-Universit\u00e4t Klagenfurt, mit Auszeichnung<br \/>\nThema: \u201eLust or trust? Sexuelles Risikoverhalten heterosexueller Jugendlicher und junger Erwachsener in K\u00e4rnten.\u201c<\/td>\n<\/tr>\n<tr>\n<td width=\"149\">Juni 2003<\/td>\n<td width=\"14\"><\/td>\n<td width=\"376\">Abschluss des Diplomstudiums der Naturwissenschaften aus dem Fach Psychologie an der Alpen-Adria-Universit\u00e4t Klagenfurt, mit Auszeichnung<br \/>\nThema: \u201eKontroll\u00fcberzeugungen zu Krankheit und Gesundheit im Zusammenhang mit wahrgenommener sozialer Unterst\u00fctzung und habitueller emotionaler Befindlichkeit bei geriatrischen, station\u00e4r behandelten Osteoporose-Patientinnen und -Patienten\u201c<\/td>\n<\/tr>\n<tr>\n<td width=\"149\">Juni 1998<\/td>\n<td width=\"14\"><\/td>\n<td width=\"376\">Matura am Bundesrealgymnasium St. Martin, Villach, mit Auszeichnung<\/td>\n<\/tr>\n<\/tbody>\n<\/table>\n<p style=\"text-align: right;\"><a href=\"#zurueck\">zur\u00fcck<\/a><\/p>\n<h3 id=\"zusaetzlicheausbildung\"><strong>zus\u00e4tzliche Ausbildungen<\/strong><\/h3>\n<table>\n<tbody>\n<tr>\n<td width=\"149\">August 2023<\/td>\n<td width=\"14\"><\/td>\n<td width=\"376\">Abschluss des Lehrganges Outdoorp\u00e4dagogik (Bildungspartner \u00d6sterreich)<\/td>\n<\/tr>\n<tr>\n<td width=\"149\">Dezember 2007<\/td>\n<td width=\"14\"><\/td>\n<td width=\"376\">Zertifizierung zur Arbeitspsychologin (B\u00d6P)<\/td>\n<\/tr>\n<tr>\n<td width=\"149\">Februar 2007<\/td>\n<td width=\"14\"><\/td>\n<td width=\"376\">Abschluss der Moderationsausbildung an der Alpen-Adria-Universit\u00e4t Klagenfurt<\/td>\n<\/tr>\n<tr>\n<td width=\"149\">Oktober 2006<\/td>\n<td width=\"14\"><\/td>\n<td width=\"376\">Abschluss der Ausbildung zur Gesundheitszirkelmoderatorin, Fonds Gesundes \u00d6sterreich, N\u00d6<\/td>\n<\/tr>\n<tr>\n<td width=\"149\">Juni 2005<\/td>\n<td width=\"14\"><\/td>\n<td width=\"376\">Summer School der Fachgruppe Gesundheitspsychologie der Deutschen Gesellschaft f\u00fcr Psychologie (DGPs), Flensburg<\/td>\n<\/tr>\n<tr>\n<td width=\"149\">November 2003<\/td>\n<td width=\"14\"><\/td>\n<td width=\"376\">Abschluss des Psychotherapeutischen Prop\u00e4deutikums an der Alpen-Adria-Universit\u00e4t Klagenfurt<\/td>\n<\/tr>\n<\/tbody>\n<\/table>\n<p style=\"text-align: right;\"><a href=\"#zurueck\">zur\u00fcck<\/a><\/p>\n<h3 id=\"berufserfahrung1\"><strong>Berufserfahrung<\/strong><\/h3>\n<p>&nbsp;<\/p>\n<table style=\"height: 1086px;\" width=\"584\">\n<tbody>\n<tr>\n<td width=\"149\">aktuell<\/td>\n<td width=\"14\"><\/td>\n<td width=\"376\">Professur f\u00fcr Gesundheitsf\u00f6rderung und Pr\u00e4vention, Fachhochschule K\u00e4rnten, Studienbereich Gesundheit und Soziales<\/td>\n<\/tr>\n<tr>\n<td width=\"149\">seit April 2011 \u2013 April 2023<\/td>\n<td width=\"14\"><\/td>\n<td width=\"376\">Professur f\u00fcr Angewandte Sozialwissenschaften, Fachhochschule K\u00e4rnten, Studienbereich Gesundheit und Soziales<\/td>\n<\/tr>\n<tr>\n<td width=\"149\">Oktober 2010 \u2013 M\u00e4rz 2011<\/td>\n<td width=\"14\"><\/td>\n<td width=\"376\">W3-Gastprofessur f\u00fcr Gesundheitspsychologie und P\u00e4dagogische Psychologie, PH Schw\u00e4bisch Gm\u00fcnd, Deutschland<\/td>\n<\/tr>\n<tr>\n<td width=\"149\">April 2008 \u2013 September 2010<\/td>\n<td width=\"14\"><\/td>\n<td width=\"376\">Professur f\u00fcr Angewandte Sozialwissenschaften, Fachhochschule K\u00e4rnten, Studienbereich Gesundheit und Pflege<\/td>\n<\/tr>\n<tr>\n<td width=\"149\">Mai 2007 \u2013 M\u00e4rz 2008<\/td>\n<td width=\"14\"><\/td>\n<td width=\"376\">Assistenzprofessorin an der Abteilung f\u00fcr Angewandte Psychologie und Methodenforschung an der Alpen-Adria-Universit\u00e4t Klagenfurt; Mitarbeiterin des Zentrums f\u00fcr Evaluation und Forschungsberatung (ZEF) an der Alpen-Adria-Universit\u00e4t Klagenfurt<\/td>\n<\/tr>\n<tr>\n<td width=\"149\">Februar 2004 \u2013 April 2007<\/td>\n<td width=\"14\"><\/td>\n<td width=\"376\">Universit\u00e4tsassistentin an der Abteilung f\u00fcr Angewandte Psychologie und Methodenforschung an der Alpen-Adria-Universit\u00e4t Klagenfurt; Mitarbeiterin des Zentrums f\u00fcr Evaluation und Forschungsberatung (ZEF) an der Alpen-Adria-Universit\u00e4t Klagenfurt<\/td>\n<\/tr>\n<tr>\n<td width=\"149\">Oktober 2003 \u2013 Februar 2004<\/td>\n<td width=\"14\"><\/td>\n<td width=\"376\">Wissenschaftliche Mitarbeiterin in Ausbildung an der Abteilung f\u00fcr Angewandte Psychologie und Methodenforschung an der Alpen-Adria-Universit\u00e4t Klagenfurt; Mitarbeiterin des Zentrums f\u00fcr Evaluation und Forschungsberatung (ZEF) an der Alpen-Adria-Universit\u00e4t Klagenfurt<\/td>\n<\/tr>\n<tr>\n<td width=\"149\">Juli 2003 \u2013 September 2003<\/td>\n<td width=\"14\"><\/td>\n<td width=\"376\">Wissenschaftliche Mitarbeiterin der Allgemeinen Chirurgie im Landeskrankenhaus Villach<\/td>\n<\/tr>\n<tr>\n<td width=\"149\">WS 2002 \/ 2003 \u2013 SS 2003<\/td>\n<td width=\"14\"><\/td>\n<td width=\"376\">Studienassistentin an der Abteilung f\u00fcr Angewandte Psychologie und Methodenforschung an der Alpen-Adria-Universit\u00e4t Klagenfurt<\/td>\n<\/tr>\n<tr>\n<td width=\"149\">September 2002 \u2013 Oktober 2002<\/td>\n<td width=\"14\"><\/td>\n<td width=\"376\">Referentin f\u00fcr Informationsmanagement und wissenschaftliche Recherchen im Frauengesundheitszentrum K\u00e4rnten GmbH<\/td>\n<\/tr>\n<tr>\n<td width=\"149\">Mai 2002 \u2013 Juni 2002<\/td>\n<td width=\"14\"><\/td>\n<td width=\"376\">Studienassistentin an der Abteilung f\u00fcr Angewandte Psychologie und Methodenforschung an der Alpen-Adria-Universit\u00e4t Klagenfurt<\/td>\n<\/tr>\n<tr>\n<td width=\"149\">Oktober 2001 \u2013 Juni 2002<\/td>\n<td width=\"14\"><\/td>\n<td width=\"376\">Referentin f\u00fcr Informationsmanagement und wissenschaftliche Recherchen im Frauengesundheitszentrum K\u00e4rnten GmbH<\/td>\n<\/tr>\n<tr>\n<td width=\"149\"><\/td>\n<td colspan=\"2\" width=\"390\"><\/td>\n<\/tr>\n<\/tbody>\n<\/table>\n<p style=\"text-align: right;\"><a href=\"#zurueck\">zur\u00fcck<\/a><\/p>\n<h3 id=\"praktika1\"><strong>Praktika<\/strong><\/h3>\n<table>\n<tbody>\n<tr>\n<td width=\"149\">August 2008<\/td>\n<td width=\"14\"><\/td>\n<td width=\"376\">Hospitation im Geriatriezentrum am Wienerwald, Wien<\/td>\n<\/tr>\n<tr>\n<td width=\"149\">Juli 2002 \u2013 September 2002<\/td>\n<td width=\"14\"><\/td>\n<td width=\"376\">Medizinisch Geriatrische Abteilung im Landeskrankenhaus Villach<\/td>\n<\/tr>\n<tr>\n<td width=\"149\">Juni 2001 \u2013 August 2001<\/td>\n<td width=\"14\"><\/td>\n<td width=\"376\">Medizinisch Geriatrische Abteilung im Landeskrankenhaus Villach<\/td>\n<\/tr>\n<tr>\n<td width=\"149\">Februar 2001<\/td>\n<td width=\"14\"><\/td>\n<td width=\"376\">Abteilung f\u00fcr Neurologie und Psychosomatik im Landeskrankenhaus Villach<\/td>\n<\/tr>\n<tr>\n<td width=\"149\">Oktober 2000 \u2013 Januar 2001<\/td>\n<td width=\"14\"><\/td>\n<td width=\"376\">Frauengesundheitszentrum K\u00e4rnten GmbH<\/td>\n<\/tr>\n<tr>\n<td width=\"149\">Juli 2000<\/td>\n<td width=\"14\"><\/td>\n<td width=\"376\">Tagesst\u00e4tte \u201edie vier Jahreszeiten\u201c<\/td>\n<\/tr>\n<\/tbody>\n<\/table>\n<p style=\"text-align: right;\"><a href=\"#zurueck\">zur\u00fcck<\/a><\/p>\n<h3 id=\"forschungserfahrung1\"><strong>Forschungserfahrung<\/strong><\/h3>\n<table>\n<tbody>\n<tr>\n<td width=\"149\">laufend<\/td>\n<td width=\"14\"><\/td>\n<td width=\"14\"><\/td>\n<td width=\"376\">Projektleiterin f\u00fcr die FH K\u00e4rnten f\u00fcr das Projekt \u201eEriKa \u2013 Ern\u00e4hrung in der Kindertagesbetreuung\u201c in Kooperation mit Land K\u00e4rnten, Abteilung 5, Unterabteilung Gesundheitsf\u00f6rderung (FG\u00d6-Projekt)<\/td>\n<\/tr>\n<tr>\n<td width=\"149\">laufend<\/td>\n<td width=\"14\"><\/td>\n<td width=\"14\"><\/td>\n<td width=\"376\">Projektleiterin f\u00fcr \u201eGesunder Start ins Studium\u201c an der FH K\u00e4rnten, Gesundheitsf\u00f6rderung f\u00fcr Erstsemestrige<\/td>\n<\/tr>\n<tr>\n<td width=\"149\">M\u00e4rz 2021 \u2013 M\u00e4rz 2022<\/td>\n<td width=\"14\"><\/td>\n<td width=\"14\"><\/td>\n<td width=\"376\">Mitarbeit im Projekt SHAB@CUAS (Studentischer Gesundheitsbeirat, F\u00f6rderschiene PPIE, Ludwig Boltzmann Gesellschaft<\/td>\n<\/tr>\n<tr>\n<td width=\"149\">M\u00e4rz 2017 \u2013 Februar 2020<\/td>\n<td width=\"14\"><\/td>\n<td width=\"14\"><\/td>\n<td width=\"376\">Projektleiterin \u201eKukiS-Toolbox\u201c (Kompetent und koh\u00e4rent im Studium-Toolbox, Lehr- und Lernprojektf\u00f6rderung der FH K\u00e4rnten)<\/td>\n<\/tr>\n<tr>\n<td width=\"149\">Mai 2017 \u2013 August 2017<\/td>\n<td width=\"14\"><\/td>\n<td width=\"14\"><\/td>\n<td width=\"376\">Moderation und Projektbegleitung \u201eGesund und gl\u00fccklich Frau-Sein in Villach\u201c im Auftrag des Frauengesundheitszentrums K\u00e4rnten GmbH<\/td>\n<\/tr>\n<tr>\n<td width=\"149\">Dezember 2016 \u2013 November 2017<\/td>\n<td width=\"14\"><\/td>\n<td width=\"14\"><\/td>\n<td width=\"376\">Mitarbeit im Projekt KGKK-EVA \u2013 Evaluation des Ausbaus der betrieblichen Gesundheitsf\u00f6rderung der K\u00e4rntner Gebietskrankenkasse (im Auftrag der KGKK)<\/td>\n<\/tr>\n<tr>\n<td width=\"149\">August 2015 \u2013 Januar 2017<\/td>\n<td width=\"14\"><\/td>\n<td width=\"14\"><\/td>\n<td width=\"376\">Mitarbeit im Projekt GiB 2.0 \u2013 Gesundheit in Bewegung 2.0 (gef\u00f6rdert aus Mitteln des FG\u00d6)<\/td>\n<\/tr>\n<tr>\n<td width=\"149\">M\u00e4rz 2015 \u2013 April 2015<\/td>\n<td width=\"14\"><\/td>\n<td width=\"14\"><\/td>\n<td width=\"376\">Prozessbegleitung zur Implementierung Betrieblicher Gesundheitsf\u00f6rderung im Landeskrankenhaus Laas (im Auftrag des LKH Laas)<\/td>\n<\/tr>\n<tr>\n<td width=\"149\">Januar 2015 \u2013 Juli 2015<\/td>\n<td width=\"14\"><\/td>\n<td width=\"14\"><\/td>\n<td width=\"376\">Mitarbeit im Projekt LILAB &#8211; Living Lab als Basis nachhaltiger Forschung (ZFF-gef\u00f6rdertes Projekt)<\/td>\n<\/tr>\n<tr>\n<td width=\"149\">Oktober 2014 \u2013 Dezember 2014<\/td>\n<td width=\"14\"><\/td>\n<td width=\"14\"><\/td>\n<td width=\"376\">\u201eDemenz.Bewegt.Leben\u201c \u2013 Eine Bewegungskampagne f\u00fcr Menschen mit Demenz<\/td>\n<\/tr>\n<tr>\n<td width=\"149\">Januar 2014 \u2013 Dezember 2014<\/td>\n<td width=\"14\"><\/td>\n<td width=\"14\"><\/td>\n<td width=\"376\">Mitarbeit im Projekt GiB \u2013 Gesundheit in Bewegung (Entwicklung einer gesundheitsf\u00f6rderlichen Bewegungsintervention f\u00fcr Menschen mit Demenz, ZFF-gef\u00f6rdertes Projekt)<\/td>\n<\/tr>\n<tr>\n<td width=\"149\">Oktober 2013 \u2013 September 2016<\/td>\n<td width=\"14\"><\/td>\n<td width=\"14\"><\/td>\n<td width=\"376\">Projektleiterin f\u00fcr die FH K\u00e4rnten f\u00fcr das EU-Projekt POSADEM<br \/>\n(Joint Masters Positive About Dementia)<\/td>\n<\/tr>\n<tr>\n<td width=\"149\">September 2013 \u2013 November 2014<\/td>\n<td width=\"14\"><\/td>\n<td width=\"14\"><\/td>\n<td width=\"376\">Fachliche Begleitung des Projekts \u201etriangel \u2013 Betriebliche Gesundheitsf\u00f6rderung an der FH K\u00e4rnten\u201c<\/td>\n<\/tr>\n<tr>\n<td width=\"149\">Februar 2013 \u2013 Juni 2013<\/td>\n<td width=\"14\"><\/td>\n<td width=\"14\"><\/td>\n<td width=\"376\">Mitarbeit im Projekt \u201eGesundheitsf\u00f6rderung in und mit der Natur\u201c (gef\u00f6rdert durch die FFG)<\/td>\n<\/tr>\n<tr>\n<td width=\"149\">Mai 2011 \u2013 Februar 2012<\/td>\n<td width=\"14\"><\/td>\n<td width=\"14\"><\/td>\n<td width=\"376\">Entwicklung und Realisierung eines Antidiskriminierungskonzeptes zum Themenbereich HIV\/AIDS (Kooperation mit der Aidshilfe K\u00e4rnten, gef\u00f6rdert durch die FFG)<\/td>\n<\/tr>\n<tr>\n<td width=\"149\">April 2011 \u2013 Juli 2013<\/td>\n<td width=\"14\"><\/td>\n<td width=\"14\"><\/td>\n<td width=\"376\">Koordinatorin f\u00fcr die FH K\u00e4rnten f\u00fcr HUROPEL (Human rights, older people and end of life care, dreij\u00e4hriges Erasmus Intensivprogramm)<\/td>\n<\/tr>\n<tr>\n<td width=\"149\">Januar 2011 \u2013 M\u00e4rz 2011<\/td>\n<td width=\"14\"><\/td>\n<td width=\"14\"><\/td>\n<td width=\"376\">BGF-Projekt MOKI K\u00e4rnten (Gesundheitszirkelarbeit, gef\u00f6rdert durch die FFG)<\/td>\n<\/tr>\n<tr>\n<td width=\"149\">Februar 2010 \u2013 September 2010<\/td>\n<td width=\"14\"><\/td>\n<td width=\"14\"><\/td>\n<td width=\"376\">Mitarbeit im EU-Projekt Promoting the improvement of elderly ICT skills and well being by inter-generational and multi-sectoral education (PRIMER-ICT)<\/td>\n<\/tr>\n<tr>\n<td width=\"149\">Januar 2010 \u2013 Dezember 2012<\/td>\n<td width=\"14\"><\/td>\n<td width=\"14\"><\/td>\n<td width=\"376\">Collaborating partner im EU-Projekt BORDERNETwork (Verbesserung von HIV und STI Pr\u00e4vention, Diagnostik und Therapie in grenz\u00fcberschreitender Kooperation von interdisziplin\u00e4ren Netzwerken)<\/td>\n<\/tr>\n<tr>\n<td width=\"149\">Februar 2008 \u2013 Oktober 2010<\/td>\n<td width=\"14\"><\/td>\n<td width=\"14\"><\/td>\n<td width=\"376\">Externe Beratung eines Projekts der Betrieblichen Gesundheitsf\u00f6rderung in einem Landeskrankenhaus in K\u00e4rnten (im Auftrag des LKH Wolfsberg)<\/td>\n<\/tr>\n<tr>\n<td width=\"149\">Februar 2008 \u2013 September 2010<\/td>\n<td width=\"14\"><\/td>\n<td width=\"14\"><\/td>\n<td width=\"376\">Koordinatorin f\u00fcr die FH K\u00e4rnten f\u00fcr das EU-Projekt \u201eJoint development of online gerontological master degree programme\u201c (GEROM)<\/td>\n<\/tr>\n<tr>\n<td width=\"149\">Januar 2008 \u2013 M\u00e4rz 2009<\/td>\n<td width=\"14\"><\/td>\n<td width=\"14\"><\/td>\n<td width=\"376\">Students\u2018 Sense of Coherence \u2013 Entwicklung einer Skala zur Messung des universit\u00e4ren Koh\u00e4renzgef\u00fchls bei Studierenden<\/td>\n<\/tr>\n<tr>\n<td width=\"149\">September 2007 \u2013 April 2008<\/td>\n<td width=\"14\"><\/td>\n<td width=\"14\"><\/td>\n<td width=\"376\">Mitarbeit am Projekt \u201eGesundheitsmanagement an der Alpen-Adria-Universit\u00e4t Klagenfurt\u201c<\/td>\n<\/tr>\n<tr>\n<td width=\"149\">September 2007 \u2013 Oktober 2014<\/td>\n<td width=\"14\"><\/td>\n<td width=\"14\"><\/td>\n<td width=\"376\">\u201eEvaluation der Drogenambulanz\u201c (in Kooperation mit ZEF, Alpen-Adria Universit\u00e4t Klagenfurt)<\/td>\n<\/tr>\n<tr>\n<td width=\"149\">Februar 2006 \u2013 Januar 2010<\/td>\n<td width=\"14\"><\/td>\n<td width=\"14\"><\/td>\n<td width=\"376\">Mitarbeit am Forschungsprojekt \u201eGeri-Aktiv\u201c von Ao.Univ.-Prof<sup>in<\/sup>. Mag<sup>a<\/sup>.Dr<sup>in<\/sup>. Brigitte Jenull<\/td>\n<\/tr>\n<tr>\n<td width=\"149\">M\u00e4rz 2004 \u2013 November 2006<\/td>\n<td width=\"14\"><\/td>\n<td width=\"14\"><\/td>\n<td width=\"376\">\u201eLust or trust? Sexuelles Risikoverhalten heterosexueller Jugendlicher und junger Erwachsener in K\u00e4rnten.\u201c (Dissertationsprojekt, gef\u00f6rdert aus Mitteln des Landes K\u00e4rnten)<\/td>\n<\/tr>\n<tr>\n<td width=\"149\">Juli 2003 \u2013 September 2003<\/td>\n<td width=\"14\"><\/td>\n<td width=\"14\"><\/td>\n<td width=\"376\">Evaluation \u201eGastric-Banding\u201c an der Allgemeinen Chirurgie im Landeskrankenhaus Villach<\/td>\n<\/tr>\n<tr>\n<td width=\"149\">M\u00e4rz 2003 \u2013 April 2004<\/td>\n<td width=\"14\"><\/td>\n<td width=\"14\"><\/td>\n<td width=\"376\">\u201eGeschlechterverh\u00e4ltnisse und geschlechtsspezifische Disparit\u00e4ten in K\u00e4rnten\u201c (ZEF-Projekt, im Auftrag des Landes K\u00e4rnten)<\/td>\n<\/tr>\n<tr>\n<td width=\"149\">Dezember 2002 \u2013 M\u00e4rz 2004<\/td>\n<td width=\"14\"><\/td>\n<td width=\"14\"><\/td>\n<td width=\"376\">\u201eWay out \u2013 Evaluation eines Programms zur sekund\u00e4ren Drogenpr\u00e4vention bei Jugendlichen\u201d<br \/>\n(ZEF-Projekt, im Auftrag des Landes K\u00e4rnten)<\/td>\n<\/tr>\n<tr>\n<td width=\"149\">Juli 2002 \u2013 Juni 2003<\/td>\n<td width=\"14\"><\/td>\n<td width=\"14\"><\/td>\n<td width=\"376\">Revision des Testverfahrens DIFF (im Auftrag von Prim.Univ.-Doz. Dr. Georg Spiel)<\/td>\n<\/tr>\n<tr>\n<td width=\"149\">September 2000 \u2013 Oktober 2001<\/td>\n<td width=\"14\"><\/td>\n<td width=\"14\"><\/td>\n<td width=\"376\">Mitarbeit an der K\u00e4rntner Brustkrebsstudie<br \/>\n(im Auftrag des Frauengesundheitszentrums K\u00e4rnten GmbH)<\/td>\n<\/tr>\n<tr>\n<td width=\"149\">Juni 1999 \u2013 Juli 1999<\/td>\n<td width=\"14\"><\/td>\n<td width=\"14\"><\/td>\n<td width=\"376\">Mitarbeit im Projekt \u201eSprache- Lesen &amp; Rechtschreiben\u201d<br \/>\n(Leitung Univ-Prof<sup>in<\/sup>. Mag<sup>a<\/sup>.Dr<sup>in<\/sup>. Ulrike Willinger, Univ. Wien)<\/td>\n<\/tr>\n<\/tbody>\n<\/table>\n<p style=\"text-align: right;\"><a href=\"#zurueck\">zur\u00fcck<\/a><\/p>\n<h3 style=\"text-align: left;\"><strong>Erfahrung im Verwaltungsbereich <\/strong><\/h3>\n<table>\n<tbody>\n<tr>\n<td width=\"149\">laufend<\/td>\n<td width=\"14\"><\/td>\n<td width=\"376\">Mitglied in der Steuerungsgruppe des Studentischen Gesundheitsmanagements an der FH K\u00e4rnten<\/td>\n<\/tr>\n<tr>\n<td width=\"149\">laufend<\/td>\n<td width=\"14\"><\/td>\n<td width=\"376\">Mitglied in der Steuerungsgruppe des Betrieblichen Gesundheitsf\u00f6rderungsprojekts der FH K\u00e4rnten FH4health<\/td>\n<\/tr>\n<tr>\n<td width=\"149\">laufend<\/td>\n<td width=\"14\"><\/td>\n<td width=\"376\">Mitglied im FH K\u00e4rnten Kollegium<\/td>\n<\/tr>\n<tr>\n<td width=\"149\">April 2008 \u2013 September 2019<\/td>\n<td width=\"14\"><\/td>\n<td width=\"376\">Marketing-Verantwortliche f\u00fcr die Studieng\u00e4nge Gesundheits- und Pflegemanagement im Studienbereich Gesundheit und Soziales an der FH K\u00e4rnten<\/td>\n<\/tr>\n<tr>\n<td width=\"149\">April 2008 \u2013 September 2010<\/td>\n<td width=\"14\"><\/td>\n<td width=\"376\">Verantwortliche f\u00fcr das Berufspraktikum an der FH K\u00e4rnten, Studienbereich Gesundheit und Pflege<\/td>\n<\/tr>\n<tr>\n<td width=\"149\">Februar 2007 \u2013 April 2008<\/td>\n<td width=\"14\"><\/td>\n<td width=\"376\">Praktikumsbetreuung am Institut f\u00fcr Psychologie der Alpen-Adria-Universit\u00e4t Klagenfurt<\/td>\n<\/tr>\n<tr>\n<td width=\"149\">September 2007 \u2013 April 2008<\/td>\n<td width=\"14\"><\/td>\n<td width=\"376\">Mitglied im Steuerungskreis Gesundheitsmanagement der Alpen-Adria-Universit\u00e4t Klagenfurt<\/td>\n<\/tr>\n<tr>\n<td width=\"149\">Oktober 2003 \u2013 April 2008<\/td>\n<td width=\"14\"><\/td>\n<td width=\"376\">Verantwortliche f\u00fcr die Studienberechtigungspr\u00fcfung f\u00fcr das Fach \u201eGesundheits- und Pflegeforschung\u201c an der Alpen-Adria-Universit\u00e4t Klagenfurt<\/td>\n<\/tr>\n<tr>\n<td width=\"149\">Oktober 2003 \u2013 April 2008<\/td>\n<td width=\"14\"><\/td>\n<td width=\"376\">Erasmusbeauftragte f\u00fcr die Universit\u00e4ten in Ljubljana (Slowenien) und Marburg (Deutschland)<\/td>\n<\/tr>\n<tr>\n<td width=\"149\">Oktober 2004 \u2013 Juni 2005<\/td>\n<td width=\"14\"><\/td>\n<td width=\"376\">Ersatzmitglied im Arbeitskreis f\u00fcr Gleichbehandlungsfragen der Alpen-Adria-Universit\u00e4t Klagenfurt<\/td>\n<\/tr>\n<tr>\n<td width=\"149\">Oktober 2003 \u2013 M\u00e4rz 2005<\/td>\n<td width=\"14\"><\/td>\n<td width=\"376\">SAP-Verantwortliche f\u00fcr Projekte der Abteilung f\u00fcr Angewandte Psychologie und Methodenforschung und das Zentrum f\u00fcr Evaluation und Forschungsberatung (ZEF)<\/td>\n<\/tr>\n<tr>\n<td width=\"149\">September 2002 \u2013 Oktober 2002<br \/>\nOktober 2001 \u2013 Juni 2002<\/td>\n<td width=\"14\"><\/td>\n<td width=\"376\">Subventionsabrechnungen f\u00fcr das Land K\u00e4rnten und Stadt Villach im Rahmen der T\u00e4tigkeit im Frauengesundheitszentrum K\u00e4rnten GmbH, Neuorganisation des Zeitschriftenarchivs<\/td>\n<\/tr>\n<\/tbody>\n<\/table>\n<p style=\"text-align: right;\"><a href=\"#zurueck\">zur\u00fcck<\/a><\/p>\n<h3 id=\"organisatorischeerfahrung1\">Organisatorische Erfahrung<\/h3>\n<table>\n<tbody>\n<tr>\n<td width=\"149\">2019<\/td>\n<td width=\"14\"><\/td>\n<td width=\"376\">Ideengeberin und Verantwortliche f\u00fcr die Veranstaltung \u201eNicht auf das Thema Demenz vergessen! \u2013 Ein Fachtag\u201c, Stadtsaal Feldkirchen in K\u00e4rnten<\/td>\n<\/tr>\n<tr>\n<td width=\"149\">2015<\/td>\n<td width=\"14\"><\/td>\n<td width=\"376\">Ideengeberin und Verantwortliche f\u00fcr den Fachtag \u201eDemenz in Ausbildung, Wissenschaft und Praxis: Was kann in der Region f\u00fcr die Region getan werden?\u201c, FH-Campus Feldkirchen in K\u00e4rnten<\/td>\n<\/tr>\n<tr>\n<td width=\"149\">2012<\/td>\n<td width=\"14\"><\/td>\n<td width=\"376\">Organisation der Conference Hub \u201eHIV &amp; AIDS: For sensitization, against discrimination\u201c im Zuge der 19. Internationalen Aidskonferenz, AIDS 2012 (Washington, D.C.), Feldkirchen in K\u00e4rnten<\/td>\n<\/tr>\n<tr>\n<td width=\"149\">2010<\/td>\n<td width=\"14\"><\/td>\n<td width=\"376\">Mitglied des Organisationskomitees zur Alps Adria Conference of Psychology 2010<\/td>\n<\/tr>\n<tr>\n<td width=\"149\">2010<\/td>\n<td width=\"14\"><\/td>\n<td width=\"376\">Organisation der Conference Hub \u201eFighting against AIDS and HIV\u201c im Zuge der XVIII International Aids Conference, AIDS 2010<\/td>\n<\/tr>\n<tr>\n<td width=\"149\">2009\/2010<\/td>\n<td width=\"14\"><\/td>\n<td width=\"376\">Vortragsveranstaltungen im Rahmen der T\u00e4tigkeit in der Landesgruppe K\u00e4rnten des Berufsverbandes \u00d6sterreichischer Psychologen und Psychologinnen (B\u00d6P)<\/td>\n<\/tr>\n<tr>\n<td width=\"149\">2008<\/td>\n<td width=\"14\"><\/td>\n<td width=\"376\">Mitveranstaltung und Organisation des 8. Workshops Qualitative Inhaltsanalyse, Cap W\u00f6rth<\/td>\n<\/tr>\n<tr>\n<td width=\"149\">2007<\/td>\n<td width=\"14\"><\/td>\n<td width=\"376\">Mitveranstaltung und Organisation des 7. Workshops Qualitative Inhaltsanalyse, Cap W\u00f6rth<\/td>\n<\/tr>\n<tr>\n<td width=\"149\">2007<\/td>\n<td width=\"14\"><\/td>\n<td width=\"376\">Gestaltung des 2. Gesundheitstages der Alpen-Adria-Universit\u00e4t Klagenfurt<\/td>\n<\/tr>\n<tr>\n<td width=\"149\">2006<\/td>\n<td width=\"14\"><\/td>\n<td width=\"376\">Mitveranstaltung und Organisation des 6. Workshops Qualitative Inhaltsanalyse, Alpen-Adria-Universit\u00e4t Klagenfurt<\/td>\n<\/tr>\n<tr>\n<td width=\"149\">2006<\/td>\n<td width=\"14\"><\/td>\n<td width=\"376\">Veranstaltung und Organisation des 1. Gesundheitstages der Alpen-Adria-Universit\u00e4t Klagenfurt<\/td>\n<\/tr>\n<tr>\n<td width=\"149\">2006<\/td>\n<td width=\"14\"><\/td>\n<td width=\"376\">Mitglied des Organisationskomitees der 7. Wissenschaftlichen Tagung der \u00d6sterreichischen Gesellschaft f\u00fcr Psychologie (\u00d6GP), Alpen-Adria-Universit\u00e4t Klagenfurt<\/td>\n<\/tr>\n<tr>\n<td width=\"149\">2005<\/td>\n<td width=\"14\"><\/td>\n<td width=\"376\">Mitveranstaltung und Organisation des 5. Workshop Qualitative Inhaltsanalyse,<br \/>\nAlpen-Adria-Universit\u00e4t Klagenfurt<\/td>\n<\/tr>\n<tr>\n<td width=\"149\">2005<\/td>\n<td width=\"14\"><\/td>\n<td width=\"376\">Organisation des j\u00e4hrlichen Treffens des \u201eCenter of Qualitative Psychology\u201c, Cap W\u00f6rth<\/td>\n<\/tr>\n<tr>\n<td width=\"149\">2004<\/td>\n<td width=\"14\"><\/td>\n<td width=\"376\">Organisation des 4. Workshop Qualitative Inhaltsanalyse, Alpen-Adria-Universit\u00e4t Klagenfurt<\/td>\n<\/tr>\n<tr>\n<td width=\"149\">2002<\/td>\n<td width=\"14\"><\/td>\n<td width=\"376\">Mitarbeit an der Organisation der Tagung \u201eBiotechnologie \u2013 Chance oder Falle auf dem Weg zur Selbstbestimmung?\u201c, Congress Center Villach<\/td>\n<\/tr>\n<\/tbody>\n<\/table>\n<p style=\"text-align: right;\"><a href=\"#zurueck\">zur\u00fcck<\/a><\/p>\n<h3 id=\"wissenschaftlichenorganisationen1\"><strong>Mitglied in wissenschaftlichen Organisationen<\/strong><\/h3>\n<table>\n<tbody>\n<tr>\n<td width=\"149\">seit Dezember 2017<\/td>\n<td width=\"14\"><\/td>\n<td width=\"376\">Sprecherin der Kompetenzgruppe Demenz der \u00d6sterreichischen Gesellschaft f\u00fcr Public Health (\u00d6GPH) und Initiatorin des 1. \u00d6sterreichischen Demenzpreises (erstmals vergeben 2019)<\/td>\n<\/tr>\n<tr>\n<td width=\"149\">seit 2007<\/td>\n<td width=\"14\"><\/td>\n<td width=\"376\">\u00d6sterreichische Gesellschaft f\u00fcr Public Health (\u00d6GPH)<\/td>\n<\/tr>\n<tr>\n<td width=\"149\">seit 2006<\/td>\n<td width=\"14\"><\/td>\n<td width=\"376\">\u00d6sterreichische Gesellschaft f\u00fcr Psychologie (\u00d6GP)<\/td>\n<\/tr>\n<tr>\n<td width=\"149\">seit 2006<\/td>\n<td width=\"14\"><\/td>\n<td width=\"376\">Deutsche Gesellschaft f\u00fcr Psychologie (DGPs)<\/td>\n<\/tr>\n<\/tbody>\n<\/table>\n<p style=\"text-align: right;\"><a href=\"#zurueck\">zur\u00fcck<\/a><\/p>\n<h3 id=\"reviewtaetigkeiten1\"><strong>Reviewt\u00e4tigkeiten<\/strong><\/h3>\n<table>\n<tbody>\n<tr>\n<td width=\"149\">2015<\/td>\n<td width=\"14\"><\/td>\n<td width=\"376\">Abstract Review f\u00fcr die 6<sup>th<\/sup> International Nurse Education Conference, NETNEP 2016 (Brisbane, Australia)<\/td>\n<\/tr>\n<tr>\n<td width=\"149\">2013<\/td>\n<td width=\"14\"><\/td>\n<td width=\"376\">Abstract Review f\u00fcr die 7. IAS Conference on HIV Pathogenesis, Treatment and Prevention,<br \/>\nIAS 2013 (Kuala Lumpur, Malaysia)<\/td>\n<\/tr>\n<tr>\n<td width=\"149\">seit 2012<\/td>\n<td width=\"14\"><\/td>\n<td width=\"376\">Article Review f\u00fcr Nurse Education Today<\/td>\n<\/tr>\n<tr>\n<td width=\"149\">2012<\/td>\n<td width=\"14\"><\/td>\n<td width=\"376\">Article Review f\u00fcr Psychiatria Danubina<\/td>\n<\/tr>\n<tr>\n<td width=\"149\">2012<\/td>\n<td width=\"14\"><\/td>\n<td width=\"376\">Abstract Review f\u00fcr die XIX International Aids Conference, AIDS 2012 (Washington DC, USA)<\/td>\n<\/tr>\n<tr>\n<td width=\"149\">2011<\/td>\n<td width=\"14\"><\/td>\n<td width=\"376\">Abstract Review f\u00fcr die 6<sup>th<\/sup> IAS Conference on HIV Pathogenesis, Treatment and Prevention, IAS 2011 (Rom, Italien)<\/td>\n<\/tr>\n<tr>\n<td width=\"149\">2010<\/td>\n<td width=\"14\"><\/td>\n<td width=\"376\">Poster judge f\u00fcr die Third International Nurse Education Conference (Sydney, Australia)<\/td>\n<\/tr>\n<tr>\n<td width=\"149\">2010<\/td>\n<td width=\"14\"><\/td>\n<td width=\"376\">Abstract Review f\u00fcr den XVIII International Aids Conference, AIDS 2010 (Wien, \u00d6sterreich)<\/td>\n<\/tr>\n<tr>\n<td width=\"149\">2010<\/td>\n<td width=\"14\"><\/td>\n<td width=\"376\">Abstract Review f\u00fcr das 4. Forschungsforum der \u00d6sterreichischen Fachhochschulen<\/td>\n<\/tr>\n<tr>\n<td width=\"149\">2010<\/td>\n<td width=\"14\"><\/td>\n<td width=\"376\">Abstract Review f\u00fcr die Alps Adria Conference of Psychology 2010<\/td>\n<\/tr>\n<tr>\n<td width=\"149\">2009<\/td>\n<td width=\"14\"><\/td>\n<td width=\"376\">Abstract Review f\u00fcr das 3. Forschungsforum der \u00d6sterreichischen Fachhochschulen<\/td>\n<\/tr>\n<tr>\n<td width=\"149\">2009<\/td>\n<td width=\"14\"><\/td>\n<td width=\"376\">Abstract Review f\u00fcr den 1. Deutsch-\u00d6sterreichisch-Schweizerischen AIDS-Kongress (S\u00d6DAK 2009)<\/td>\n<\/tr>\n<tr>\n<td width=\"149\">seit 2009<\/td>\n<td width=\"14\"><\/td>\n<td width=\"376\">Article Review f\u00fcr das Journal of Mixed Methods Research<\/td>\n<\/tr>\n<tr>\n<td width=\"149\">2009<\/td>\n<td width=\"14\"><\/td>\n<td width=\"376\">Article Review f\u00fcr die Zeitschrift \u201cPr\u00e4vention und Gesundheitsf\u00f6rderung\u201d<\/td>\n<\/tr>\n<tr>\n<td width=\"149\">2004 \u2013 2008<\/td>\n<td width=\"14\"><\/td>\n<td width=\"376\">Beitr\u00e4ge f\u00fcr die Schriftenreihe \u201eQualitative Inhaltsanalyse\u201c;<br \/>\nhttp:\/\/psydok.sulb.uni-saarland.de\/sulb\/portal\/klagenfurt\/<\/td>\n<\/tr>\n<tr>\n<td width=\"149\">2004 \u2013 2008<\/td>\n<td width=\"14\"><\/td>\n<td width=\"376\">Abstract Review f\u00fcr die Workshops Qualitative Inhaltsanalyse<\/td>\n<\/tr>\n<tr>\n<td width=\"149\">2007<\/td>\n<td width=\"14\"><\/td>\n<td width=\"376\">Article Review f\u00fcr das International Journal of Public Health<\/td>\n<\/tr>\n<tr>\n<td width=\"149\">2006<\/td>\n<td width=\"14\"><\/td>\n<td width=\"376\">Proceedingsbeitr\u00e4ge zur 7. Tagung der \u00d6sterreichischen Gesellschaft f\u00fcr Psychologie (\u00d6GP)<\/td>\n<\/tr>\n<\/tbody>\n<\/table>\n<p style=\"text-align: right;\"><a href=\"#zurueck\">zur\u00fcck<\/a><\/p>\n<h3 id=\"auszeichnungen1\"><strong>Auszeichnungen<\/strong><\/h3>\n<table>\n<tbody>\n<tr>\n<td width=\"149\">2018<\/td>\n<td width=\"14\"><\/td>\n<td width=\"376\">GMA Projektpreis zur Weiterentwicklung der Lehre f\u00fcr herausragende Leistungen im Bereich der medizinischen Hochschullehre vergeben von der Gesellschaft f\u00fcr Medizinische Ausbildung f\u00fcr das Projekt Gesunder Start ins Studium<\/td>\n<\/tr>\n<tr>\n<td width=\"149\">2016<\/td>\n<td width=\"14\"><\/td>\n<td width=\"376\">Sustainability Award 2016, 3. Platz in der Kategorie \u201eLehre und Curricula\u201c f\u00fcr das Projekt Demenz.Bewegt.Leben<\/td>\n<\/tr>\n<tr>\n<td width=\"149\">2015<\/td>\n<td width=\"14\"><\/td>\n<td width=\"376\">Ars Docendi 2015, Nominierung f\u00fcr die Shortlist (Top-3-Platzierung f\u00fcr das Projekt Gesunder Start ins Studium)<\/td>\n<\/tr>\n<tr>\n<td width=\"149\">2012<\/td>\n<td width=\"14\"><\/td>\n<td width=\"376\">pro:woman Award 2012 f\u00fcr Psychologie und P\u00e4dagogik f\u00fcr die Initiativen im Bereich HIV\/AIDS<\/td>\n<\/tr>\n<tr>\n<td width=\"149\">2011<\/td>\n<td width=\"14\"><\/td>\n<td width=\"376\">2. Platz beim \u201eWettbewerb guter Praxis: Gesunde Hochschulen\u201c f\u00fcr das Antistressmanual \u201eL\u00e4ssig statt stressig durchs Studium\u201c (bundesweiter Wettbewerb in Deutschland)<\/td>\n<\/tr>\n<tr>\n<td width=\"149\">2010<\/td>\n<td width=\"14\"><\/td>\n<td width=\"376\">Agnes-Karll Pflegepreis 2010 (2. Platz f\u00fcr die Beleuchtung der Situation von M\u00e4nnern in der Altenpflege)<\/td>\n<\/tr>\n<tr>\n<td width=\"149\">2009<\/td>\n<td width=\"14\"><\/td>\n<td width=\"376\">Posterpreis beim 3. Forschungsforum der \u00d6sterreichischen Fachhochschulen (2. Platz f\u00fcr das EU-Projekt GEROM)<\/td>\n<\/tr>\n<tr>\n<td width=\"149\">2006<\/td>\n<td width=\"14\"><\/td>\n<td width=\"376\">Gesundheitspreis 2006 der Landeshauptstadt Klagenfurt sowie Anerkennungspreis der \u00c4rztekammer K\u00e4rnten (Konzipierung und Umsetzung des 1. Gesundheitstages an der Alpen-Adria-Universit\u00e4t Klagenfurt)<\/td>\n<\/tr>\n<\/tbody>\n<\/table>\n<p style=\"text-align: right;\"><a href=\"#zurueck\">zur\u00fcck<\/a><\/p>\n<h3 id=\"mentoring1\"><strong>Mentoring und Betreuung von Doktorand*innen<\/strong><\/h3>\n<table>\n<tbody>\n<tr>\n<td width=\"149\">Oktober 2019 \u2013 April 2024<\/td>\n<td width=\"14\"><\/td>\n<td width=\"376\">Betreuung der Doktorarbeit von Andrea Limarutti, BA M.Sc. (Zweitbetreuerin: Juniorprof.in Dr.in Marlen Niederberger, PH Schw\u00e4bisch Gm\u00fcnd); Titel: \u201eGesund in und durch das Studium Gesundheitsf\u00f6rdernde Ans\u00e4tze zur St\u00e4rkung von Selbst- und Sozialkompetenzen bei Studierenden an der Fachhochschule K\u00e4rnten\u201c (an der PH Schw\u00e4bisch Gm\u00fcnd, Deutschland, Fach Gesundheitsf\u00f6rderung, Dr. paed., magna cum laude)<\/td>\n<\/tr>\n<tr>\n<td width=\"149\">Oktober 2018 \u2013 Juni 2019<\/td>\n<td width=\"14\"><\/td>\n<td width=\"376\">Mentorin im Rahmen des Projekts \u201eTaMI\u201c (Training and Mentoring Initiative f\u00fcr den wissenschaftlichen Nachwuchs der FH K\u00e4rnten)<\/td>\n<\/tr>\n<tr>\n<td width=\"149\">Januar 2015 \u2013 Juli 2018<\/td>\n<td width=\"14\"><\/td>\n<td width=\"376\">Betreuung der Doktorarbeit von Mag.<sup>a<\/sup> (FH) Doris Gebhard (Zweitbetreuer: Prof. Dr. Filipp Mess, TU M\u00fcnchen); Titel: Ein bewegtes Leben f\u00fcr Menschen mit Demenz. Konzeption, Umsetzung und Evaluation einer gesundheitswirksamen Bewegungsintervention f\u00fcr Menschen mit Demenz im Setting der station\u00e4ren Langzeitversorgung (an der PH Schw\u00e4bisch Gm\u00fcnd, Deutschland, Fach Gesundheitsf\u00f6rderung, Dr. paed., summa cum laude)<\/td>\n<\/tr>\n<\/tbody>\n<\/table>\n<p style=\"text-align: right;\"><a href=\"#zurueck\">zur\u00fcck<\/a><\/p>\n","protected":false},"excerpt":{"rendered":"<p>FH-Profin. Priv.-Dozin. Maga. Drin. Eva Mir (geb. Brunner) E-mail: e.mir@fh-kaernten.at Staatsangeh\u00f6rigkeit: \u00d6sterreich Geburtsdatum: 02.07.1980 Familienstand und Kinder: verheiratet, ein Sohn Mein Profil auf LinkedIn Mein Profil auf ResearchGate Mein Profil auf Instagram Schul- und Berufsbildung zus\u00e4tzliche Ausbildungen Berufserfahrung Praktika Forschungserfahrung<\/p>\n","protected":false},"author":3,"featured_media":234,"parent":0,"menu_order":1,"comment_status":"closed","ping_status":"open","template":"","meta":{"footnotes":""},"class_list":["post-2","page","type-page","status-publish","has-post-thumbnail","hentry"],"_links":{"self":[{"href":"https:\/\/mitarbeiter.fh-kaernten.at\/evamir\/wp-json\/wp\/v2\/pages\/2","targetHints":{"allow":["GET"]}}],"collection":[{"href":"https:\/\/mitarbeiter.fh-kaernten.at\/evamir\/wp-json\/wp\/v2\/pages"}],"about":[{"href":"https:\/\/mitarbeiter.fh-kaernten.at\/evamir\/wp-json\/wp\/v2\/types\/page"}],"author":[{"embeddable":true,"href":"https:\/\/mitarbeiter.fh-kaernten.at\/evamir\/wp-json\/wp\/v2\/users\/3"}],"replies":[{"embeddable":true,"href":"https:\/\/mitarbeiter.fh-kaernten.at\/evamir\/wp-json\/wp\/v2\/comments?post=2"}],"version-history":[{"count":5,"href":"https:\/\/mitarbeiter.fh-kaernten.at\/evamir\/wp-json\/wp\/v2\/pages\/2\/revisions"}],"predecessor-version":[{"id":239,"href":"https:\/\/mitarbeiter.fh-kaernten.at\/evamir\/wp-json\/wp\/v2\/pages\/2\/revisions\/239"}],"wp:featuredmedia":[{"embeddable":true,"href":"https:\/\/mitarbeiter.fh-kaernten.at\/evamir\/wp-json\/wp\/v2\/media\/234"}],"wp:attachment":[{"href":"https:\/\/mitarbeiter.fh-kaernten.at\/evamir\/wp-json\/wp\/v2\/media?parent=2"}],"curies":[{"name":"wp","href":"https:\/\/api.w.org\/{rel}","templated":true}]}}