{"id":2,"date":"2016-03-04T12:39:15","date_gmt":"2016-03-04T11:39:15","guid":{"rendered":"http:\/\/mitarbeiter.fh-kaernten.at\/gerteilbracht\/?page_id=2"},"modified":"2016-03-11T09:50:51","modified_gmt":"2016-03-11T08:50:51","slug":"gert-eilbracht","status":"publish","type":"page","link":"https:\/\/mitarbeiter.fh-kaernten.at\/gerteilbracht\/","title":{"rendered":"\u00dcber"},"content":{"rendered":"<h4>FH-Prof. Dr.- Ing. Gert Eilbracht<\/h4>\n<p>Professur f\u00fcr Baustatik und Tragwerkslehre\u00a0an der FH-K\u00e4rnten<\/p>\n<ul>\n<li><strong>seit 2011\u00a0<\/strong><br \/>\nGastprofessor f\u00fcr Tragwerkslehre an der <a href=\"http:\/\/www.fh-salzburg.ac.at\/disziplinen\/ingenieurwissenschaften\/bachelor-holztechnologie-holzbau\/beschreibung\/\" target=\"_blank\">FH Salzburg, Studiengang Holztechnologie &amp; Holzbau<\/a><\/li>\n<li><strong>2009<\/strong><br \/>\nGastdozent am Institut f\u00fcr Tragwerksentwurf an der <a href=\"http:\/\/www.ite.tugraz.at\/\" target=\"_blank\">TU Graz, Fakult\u00e4t Architektur<\/a><\/li>\n<li><strong>seit 2008\u00a0<\/strong><br \/>\nAssoziierter Partner <a href=\"http:\/\/www.wernersobek.de\/\" target=\"_blank\">Werner Sobek Stuttgart<\/a><\/li>\n<li><strong>seit 2006\u00a0\u00a0<\/strong><br \/>\nProgrammkoordinator des Masterstudiengangs Bauingenieurwesen \u2013 Entwurf und Konstruktion an der FH K\u00e4rnten<\/li>\n<li><strong>seit 2004\u00a0\u00a0<\/strong><br \/>\nProfessur f\u00fcr Baustatik und Tragwerkslehre im Studienbereich Bauingenieurwesen und Architektur an der FH K\u00e4rnten<\/li>\n<li><strong>2000\u20132004<\/strong><br \/>\nProjektingenieur Werner Sobek Stuttgart, Hochbau, Br\u00fcckenbau, Tragwerks- und Strukturanalyse im Bereich Statik und Dynamik<\/li>\n<li><strong>1999-2000<\/strong><br \/>\nProjektingenieur im <a href=\"http:\/\/www.kolt.de\" target=\"_blank\">Ingenieurb\u00fcro KOLT Engineering<\/a>, Maschinenbau, Strukturanalyse<\/li>\n<li><strong>1997-1998<\/strong><br \/>\nProjektingenieur im <a href=\"http:\/\/www.ehs-ingenieure.de\" target=\"_blank\">Ingenieurb\u00fcro EHS<\/a>, Br\u00fcckenbau<\/li>\n<li><strong>1997\u00a0\u00a0<\/strong><br \/>\nPromotion im Bauingenieurwesen an der <a href=\"http:\/\/www.uni-kassel.de\/uni\/fachbereiche\/ueberblick.html\" target=\"_blank\">Universit\u00e4t Gesamthochschule Kassel<\/a><\/li>\n<li><strong>1996\u20131997<\/strong><br \/>\nWissenschaftlicher Mitarbeiter im Fachgebiet Leichtbau an der Universit\u00e4t\u00a0Gesamthochschule Kassel, Projekt aus der Luft und Raumfahrt<\/li>\n<li><strong>1994 \u00a0\u00a0<\/strong><br \/>\nAufenthalt an der Universit\u00e9 de Franche-Compte Besancon, Laboratoire de Mechanique Appliquee R.Chaleat<\/li>\n<li><strong>1993-1996<\/strong><br \/>\nPromotionsstipendiat des DFG-Graduiertenkollegs \u201eIdentifikation von Material- und Systemeigenschaften\u201c<\/li>\n<li><strong>1993<\/strong><br \/>\nAbschluss des Studiums im Fachbereich Bauingenieurwesen Universit\u00e4t Gesamthochschule Kassel<\/li>\n<li><strong>1963<\/strong><br \/>\ngeboren in Bad Oeynhausen \/ Nordrhein \u2013 Westfalen \/ Deutschland<\/li>\n<\/ul>\n<p>&nbsp;<\/p>\n","protected":false},"excerpt":{"rendered":"<p>FH-Prof. Dr.- Ing. Gert Eilbracht Professur f\u00fcr Baustatik und Tragwerkslehre\u00a0an der FH-K\u00e4rnten seit 2011\u00a0 Gastprofessor f\u00fcr Tragwerkslehre an der FH Salzburg, Studiengang Holztechnologie &amp; Holzbau 2009 Gastdozent am Institut f\u00fcr Tragwerksentwurf an der TU Graz, Fakult\u00e4t Architektur seit 2008\u00a0 Assoziierter<\/p>\n","protected":false},"author":3,"featured_media":0,"parent":0,"menu_order":1,"comment_status":"closed","ping_status":"closed","template":"","meta":{"footnotes":""},"class_list":["post-2","page","type-page","status-publish","hentry"],"_links":{"self":[{"href":"https:\/\/mitarbeiter.fh-kaernten.at\/gerteilbracht\/wp-json\/wp\/v2\/pages\/2","targetHints":{"allow":["GET"]}}],"collection":[{"href":"https:\/\/mitarbeiter.fh-kaernten.at\/gerteilbracht\/wp-json\/wp\/v2\/pages"}],"about":[{"href":"https:\/\/mitarbeiter.fh-kaernten.at\/gerteilbracht\/wp-json\/wp\/v2\/types\/page"}],"author":[{"embeddable":true,"href":"https:\/\/mitarbeiter.fh-kaernten.at\/gerteilbracht\/wp-json\/wp\/v2\/users\/3"}],"replies":[{"embeddable":true,"href":"https:\/\/mitarbeiter.fh-kaernten.at\/gerteilbracht\/wp-json\/wp\/v2\/comments?post=2"}],"version-history":[{"count":7,"href":"https:\/\/mitarbeiter.fh-kaernten.at\/gerteilbracht\/wp-json\/wp\/v2\/pages\/2\/revisions"}],"predecessor-version":[{"id":31,"href":"https:\/\/mitarbeiter.fh-kaernten.at\/gerteilbracht\/wp-json\/wp\/v2\/pages\/2\/revisions\/31"}],"wp:attachment":[{"href":"https:\/\/mitarbeiter.fh-kaernten.at\/gerteilbracht\/wp-json\/wp\/v2\/media?parent=2"}],"curies":[{"name":"wp","href":"https:\/\/api.w.org\/{rel}","templated":true}]}}