{"id":7,"date":"2016-03-04T13:01:55","date_gmt":"2016-03-04T12:01:55","guid":{"rendered":"http:\/\/mitarbeiter.fh-kaernten.at\/gerteilbracht\/?page_id=7"},"modified":"2016-03-11T09:35:56","modified_gmt":"2016-03-11T08:35:56","slug":"projekte","status":"publish","type":"page","link":"https:\/\/mitarbeiter.fh-kaernten.at\/gerteilbracht\/projekte\/","title":{"rendered":"Projekte"},"content":{"rendered":"<p><a href=\"http:\/\/projektraum.fh-kaernten.at\/\" target=\"_blank\"><strong>FH<\/strong> &#8211; K\u00e4rnten &#8211; Projektraum &#8211; Bauingenieurwesen &amp; Architektur<\/a><\/p>\n<ul>\n<li>Entwurfsprojekte der Studierenden seit 2006<\/li>\n<\/ul>\n<p><strong>Bauprojekten \/ Wettbewerbe \/ Ausstellungen\u00a0(Auswahl):<\/strong><\/p>\n<ul>\n<li><strong>2014<br \/>\n<\/strong>Fu\u00dfg\u00e4ngerbr\u00fccke im Bereich Bonsaiareal, Treffling bei Seeboden<br \/>\nTragwerksplanung: <a href=\"http:\/\/www.zt-steiner.at\" target=\"_blank\">Wolfgang Steiner<\/a>, Gert Eilbracht<\/li>\n<li><strong>2011<br \/>\n<\/strong> Wettbewerb Impulszentrum, Gemeinde Gl\u00f6tnitz<br \/>\nArchitekt: <a href=\"http:\/\/www.arch-wetschko.at\/\" target=\"_blank\">Reinhold Wetschko<\/a>, Tragwerksplanung: Gert Eilbracht<\/li>\n<li><strong>2009<\/strong><br \/>\nAusstellung \u2013 Architektur im Ringturm-<br \/>\nSkizzen f\u00fcr die Zukunft \u2013 Werner Sobek und das <a href=\"http:\/\/www.uni-stuttgart.de\/ilek\/\" target=\"_blank\">ILEK<\/a>, Ko-Kurator,\u00a0Wien 2009<\/li>\n<li><strong>2008<\/strong><br \/>\nWettbewerb f\u00fcr den Aussichtturm \u201ePyramitenkogel\u201c<br \/>\nArchitekt: Reinhold Wetschko, Tragwerksplanung: Gert Eilbracht<\/li>\n<li><strong>2006 -2008\u00a0\u00a0<\/strong><br \/>\nEntwicklung des Masterstudiengangs Bauingenieurwesen \u2013 Entwurf und Konstruktion<\/li>\n<li><strong>2003 \u00a0\u00a0\u00a0<\/strong><br \/>\nNBIA Bangkok-Airport, Konstruktion Concourse und Fassade,<br \/>\n<a href=\"http:\/\/www.wernersobek.de\" target=\"_blank\">Werner Sobek Stuttgart<\/a><\/li>\n<li><strong>2002 \u00a0<\/strong><br \/>\nIIT (Studenthouse, Chicago), Stahl-Glas-Konstruktion,<br \/>\nWerner Sobek Stuttgart<\/li>\n<\/ul>\n","protected":false},"excerpt":{"rendered":"<p>FH &#8211; K\u00e4rnten &#8211; Projektraum &#8211; Bauingenieurwesen &amp; Architektur Entwurfsprojekte der Studierenden seit 2006 Bauprojekten \/ Wettbewerbe \/ Ausstellungen\u00a0(Auswahl): 2014 Fu\u00dfg\u00e4ngerbr\u00fccke im Bereich Bonsaiareal, Treffling bei Seeboden Tragwerksplanung: Wolfgang Steiner, Gert Eilbracht 2011 Wettbewerb Impulszentrum, Gemeinde Gl\u00f6tnitz Architekt: Reinhold Wetschko,<\/p>\n","protected":false},"author":3,"featured_media":0,"parent":0,"menu_order":2,"comment_status":"closed","ping_status":"closed","template":"","meta":{"footnotes":""},"class_list":["post-7","page","type-page","status-publish","hentry"],"_links":{"self":[{"href":"https:\/\/mitarbeiter.fh-kaernten.at\/gerteilbracht\/wp-json\/wp\/v2\/pages\/7","targetHints":{"allow":["GET"]}}],"collection":[{"href":"https:\/\/mitarbeiter.fh-kaernten.at\/gerteilbracht\/wp-json\/wp\/v2\/pages"}],"about":[{"href":"https:\/\/mitarbeiter.fh-kaernten.at\/gerteilbracht\/wp-json\/wp\/v2\/types\/page"}],"author":[{"embeddable":true,"href":"https:\/\/mitarbeiter.fh-kaernten.at\/gerteilbracht\/wp-json\/wp\/v2\/users\/3"}],"replies":[{"embeddable":true,"href":"https:\/\/mitarbeiter.fh-kaernten.at\/gerteilbracht\/wp-json\/wp\/v2\/comments?post=7"}],"version-history":[{"count":12,"href":"https:\/\/mitarbeiter.fh-kaernten.at\/gerteilbracht\/wp-json\/wp\/v2\/pages\/7\/revisions"}],"predecessor-version":[{"id":29,"href":"https:\/\/mitarbeiter.fh-kaernten.at\/gerteilbracht\/wp-json\/wp\/v2\/pages\/7\/revisions\/29"}],"wp:attachment":[{"href":"https:\/\/mitarbeiter.fh-kaernten.at\/gerteilbracht\/wp-json\/wp\/v2\/media?parent=7"}],"curies":[{"name":"wp","href":"https:\/\/api.w.org\/{rel}","templated":true}]}}