{"id":2,"date":"2017-07-21T06:23:59","date_gmt":"2017-07-21T04:23:59","guid":{"rendered":"http:\/\/mitarbeiter.fh-kaernten.at\/stefannungesser\/?page_id=2"},"modified":"2025-04-23T15:24:08","modified_gmt":"2025-04-23T13:24:08","slug":"ueber","status":"publish","type":"page","link":"https:\/\/mitarbeiter.fh-kaernten.at\/stefannungesser\/","title":{"rendered":"\u00dcber"},"content":{"rendered":"<h2><strong>FH-Prof. Dipl.-Betrw. (FH) Stefan Nungesser<\/strong><\/h2>\n<p><strong>Professur und Programmleitung f\u00fcr Hotel Management<br \/>\n<\/strong><\/p>\n<p>Geboren 1976 in Darmstadt (Deutschland), Lebensmittelpunkte in Velden am W\u00f6rthersee und M\u00fcnchen<\/p>\n<p><a href=\"mailto:s.nungesser@fh-kaernten.at\">s.nungesser@fh-kaernten.at<\/a><br \/>\n<a href=\"http:\/\/+43 (0)5 \/ 90500-2436\">+43 (0)5 \/ 90500-2436<\/a><\/p>\n<h2>Berufliches Profil<\/h2>\n<p><strong>seit 2011<\/strong><br \/>\nFachhochschule K\u00e4rnten \u2013 Carinthia University of Applied Sciences Studienbereich Wirtschaft &amp; Management<br \/>\nProfessur und Programmleitung f\u00fcr Hotelmanagement (<a href=\"https:\/\/www.fh-kaernten.at\/homa\">https:\/\/www.fh-kaernten.at\/homa<\/a>)<\/p>\n<p><strong>seit 2017<\/strong><br \/>\nTrainer f\u00fcr berufsbezogene Erwachsenenbildung (M\/O\/T\/ School of Management, Technologies and Technology; Wifi \u00d6sterreich) in den Lehrg\u00e4ngen Business Manager\/in MSc. und Tourismusmanagement MSc. (<a href=\"https:\/\/www.mot.ac.at\/\">https:\/\/www.mot.ac.at\/<\/a>)<\/p>\n<p><strong>seit 2008<\/strong><br \/>\neinzelne Beratungs- und Coachingprojekte, Mystery Checks in Hotellerie, Gastronomie und Spa<\/p>\n<p><strong>2008 &#8211; 2011<\/strong><br \/>\nTREUGAST Unternehmensberatungsgesellschaft mbH, M\u00fcnchen: Senior Consultant International Business, Leiter TREUGAST Institut (Publikationen wie Investment Ranking D &amp; A, Trendgutachten Hospitality, Hotellerie &amp; Gastronomie Betriebsvergleich,\u00a0 <a href=\"https:\/\/www.treugast.com\/\">https:\/\/www.treugast.com\/<\/a>)<\/p>\n<p><strong>2005 &#8211; 2008<\/strong><br \/>\nFachhochschule M\u00fcnchen, Fakult\u00e4t f\u00fcr Tourismus: Wissenschaftlicher Projektmitarbeiter im EU-gef\u00f6rderten, transnationalen Forschungsprojekt \u201eALPSHEALTHCOMP &#8211; St\u00e4rkung der Wettbewerbsf\u00e4higkeit der Alpen als Gesundheits- und Wellnessdestination\u201c (INTERREG III B Alpenraumprogramm)<\/p>\n<p><strong>2005 &#8211; 2008<\/strong><br \/>\nAlbrecht Gesellschaft f\u00fcr Fachausstellungen und Kongresse mbH, M\u00fcnchen: Freiberufliche T\u00e4tigkeit bei der Organisation von internationalen Fach- und Publikumsmessen<\/p>\n<p><strong>2006 &#8211; 2008<\/strong><br \/>\nFachhochschule M\u00fcnchen, Fakult\u00e4t f\u00fcr Tourismus, M\u00fcnchen: Lehrbeauftragter f\u00fcr Kongress- und Tagungsmanagement (<a href=\"https:\/\/www.tourismus.hm.edu\/\">https:\/\/www.tourismus.hm.edu\/<\/a>)<\/p>\n<p><strong>2001 &#8211; 2002<\/strong><br \/>\nFeinkost K\u00e4fer GmbH, M\u00fcnchen: Praktisches Studiensemester in den Abteilungen Einkauf und Marketing (<a href=\"https:\/\/www.feinkost-kaefer.de\/\">https:\/\/www.feinkost-kaefer.de\/<\/a>)<\/p>\n<h2><strong>Ausbildung<\/strong><\/h2>\n<p><strong>1999-2004<\/strong><br \/>\nFachhochschule M\u00fcnchen (Hochschule M\u00fcnchen): Diplomstudiengang Tourismus, Studienrichtung: Hotel- und Restaurantmanagement (Hospitality Management) (<a href=\"https:\/\/www.tourismus.hm.edu\/\">https:\/\/www.tourismus.hm.edu\/<\/a>)<\/p>\n<p><strong>1996-1999<\/strong><br \/>\nRomantik Hotel Sackmann, Baiersbronn Abiturienten: Ausbildung zum Restaurantfachmann mit Zusatzqualifikation K\u00fcchen- und Servicemanagement (<a href=\"https:\/\/www.hotel-sackmann.de\/\">https:\/\/www.hotel-sackmann.de\/<\/a>)<br \/>\nInformationen zum besonderen\u00a0 Ausbildungsmodell (FHG-Modell,\u00a0<a href=\"https:\/\/www.fhg-ev.de\/de\">https:\/\/www.fhg-ev.de\/de<\/a>)<\/p>\n<h2>Lehr- und Forschungsschwerpunkte<\/h2>\n<ul>\n<li>Dienstleistungsmanagement bzw. -marketing<\/li>\n<li>Servicequalit\u00e4t in Hotellerie, Gastronomie und Spa, Mystery Checks, Qualit\u00e4ts- und Prozessmanagement (Service Blueprinting)<\/li>\n<li>Strategisches und operatives Hotel- und Gastronomiemanagement<\/li>\n<li>Nachhaltiges Hotel- und Tourismusmanagement<\/li>\n<li>Housekeeping Management (in Kooperation mit Maria Th. Radinger,\u00a0<a href=\"http:\/\/www.mariaradinger.at\">http:\/\/www.mariaradinger.at)<\/a><br \/>\nGesundheits- und Wellnesstourismus, Spa &amp; Wellness Management (in Kooperation mit Karin Niederer von Kohl &amp; Partner, <a href=\"https:\/\/www.kohl.at\">https:\/\/www.kohl.at<\/a> und Dagmar Rizzato von Rizzato Spa Consulting, <a href=\"https:\/\/www.spa-consulting.info\">https:\/\/www.spa-consulting.info<\/a>)<\/li>\n<li>Marketing, Digital Marketing, Customer Experience Management<\/li>\n<li>E-Tourismus\/Digital Tourism (Digitalisierung von Tourismusbetrieben)<\/li>\n<li>Produkt- und Angebotsentwicklung in Tourismusregionen, Design Thinking-Prozesse<\/li>\n<li>Hotelimmobilienmanagement, Hotelfinanzierung, Machbarkeitsstudien<\/li>\n<\/ul>\n<h2>Mitgliedschaften<\/h2>\n<p><strong>seit 2015<\/strong><br \/>\nDeutsche Gesellschaft f\u00fcr Tourismuswissenschaften e.V. (DGT &#8211; <a href=\"https:\/\/www.dgt.de\/\">https:\/\/www.dgt.de\/<\/a>)<\/p>\n","protected":false},"excerpt":{"rendered":"<p>FH-Prof. Dipl.-Betrw. (FH) Stefan Nungesser Professur und Programmleitung f\u00fcr Hotel Management Geboren 1976 in Darmstadt (Deutschland), Lebensmittelpunkte in Velden am W\u00f6rthersee und M\u00fcnchen s.nungesser@fh-kaernten.at +43 (0)5 \/ 90500-2436 Berufliches Profil seit 2011 Fachhochschule K\u00e4rnten \u2013 Carinthia University of Applied Sciences<\/p>\n","protected":false},"author":3,"featured_media":0,"parent":0,"menu_order":0,"comment_status":"closed","ping_status":"open","template":"","meta":{"footnotes":""},"class_list":["post-2","page","type-page","status-publish","hentry"],"_links":{"self":[{"href":"https:\/\/mitarbeiter.fh-kaernten.at\/stefannungesser\/wp-json\/wp\/v2\/pages\/2","targetHints":{"allow":["GET"]}}],"collection":[{"href":"https:\/\/mitarbeiter.fh-kaernten.at\/stefannungesser\/wp-json\/wp\/v2\/pages"}],"about":[{"href":"https:\/\/mitarbeiter.fh-kaernten.at\/stefannungesser\/wp-json\/wp\/v2\/types\/page"}],"author":[{"embeddable":true,"href":"https:\/\/mitarbeiter.fh-kaernten.at\/stefannungesser\/wp-json\/wp\/v2\/users\/3"}],"replies":[{"embeddable":true,"href":"https:\/\/mitarbeiter.fh-kaernten.at\/stefannungesser\/wp-json\/wp\/v2\/comments?post=2"}],"version-history":[{"count":3,"href":"https:\/\/mitarbeiter.fh-kaernten.at\/stefannungesser\/wp-json\/wp\/v2\/pages\/2\/revisions"}],"predecessor-version":[{"id":62,"href":"https:\/\/mitarbeiter.fh-kaernten.at\/stefannungesser\/wp-json\/wp\/v2\/pages\/2\/revisions\/62"}],"wp:attachment":[{"href":"https:\/\/mitarbeiter.fh-kaernten.at\/stefannungesser\/wp-json\/wp\/v2\/media?parent=2"}],"curies":[{"name":"wp","href":"https:\/\/api.w.org\/{rel}","templated":true}]}}